{"id":10626,"date":"2024-01-29T13:58:28","date_gmt":"2024-01-29T13:58:28","guid":{"rendered":"https:\/\/legiland.cat\/?page_id=10626"},"modified":"2025-04-02T09:13:07","modified_gmt":"2025-04-02T09:13:07","slug":"politica-de-privacitat","status":"publish","type":"page","link":"https:\/\/legiland.cat\/ca\/politica-de-privacidad\/","title":{"rendered":"Pol\u00edtica de privacitat"},"content":{"rendered":"<h2 class=\"wp-block-heading\" id=\"h-politica-de-privacidad\">Pol\u00edtica de privacitat<\/h2>\n\n\n\n<h4 class=\"wp-block-heading\" id=\"h-1-responsable-del-tratamiento\">1. Responsable del tractament<\/h4>\n\n\n\n<ul class=\"wp-block-list\">\n<li>Identitat: Yoleo Edutainment, S.L. (d'ara endavant, \u201cLEGILAND\u201d)<\/li>\n\n\n\n<li>CIF: B-66011040<\/li>\n\n\n\n<li>Direcci\u00f3 postal: Carrer de Sant Joan de la Salle, 37, 08022 Barcelona<\/li>\n\n\n\n<li>Contacte del Delegat de Protecci\u00f3 de Dades: info@legiland.cat<\/li>\n<\/ul>\n\n\n\n<p>LEGILAND, com a responsable del lloc web, ha adequat tota la seva estructura al compliment del Reglament (UE) 2016\/679, de 27 d'abril, relatiu a la protecci\u00f3 de les persones f\u00edsiques en el que respecte al tractament de dades personals (d'ara endavant. \u00abRGPD\u00bb), i l'informa que ha implantat les mesures de seguretat necess\u00e0ries, de car\u00e0cter t\u00e8cnica i organitzativa, per garantir i protegir la confidencialitat, la integritat i la disponibilitat de les dades introdu\u00efdes.<\/p>\n\n\n\n<h4 class=\"wp-block-heading\" id=\"h-2-finalidad-del-tratamiento\">2. Finalitat del tractament<\/h4>\n\n\n\n<p>Les seves dades personals nom\u00e9s es faran servir amb les finalitats seg\u00fcents:<\/p>\n\n\n\n<ul class=\"wp-block-list\">\n<li><strong>Enviament de comunicacions comercials. <\/strong>Enviar comunicacions comercials tant en paper com per mitjans electr\u00f2nics o telem\u00e0tics i realitzar contactes directes relatius als productes i serveis que, en cada moment, comercialitzi LEGILAND. L'usuari podr\u00e0 escollir, en tot moment, els canals o mitjans pels que desitja o no rebre aquestes comunicacions.<\/li>\n\n\n\n<li><strong>Altres enviaments comercials.<\/strong> LEGILAND podr\u00e0 tractar les dades personals que hagi facilitat (com ara dades de contacte i detalls personals, com la data de naixement o aficions) amb la finalitat d'enviar informaci\u00f3 seleccionada sobre productes i serveis de LEGILAND, per realitzar estudis de mercat o per altres comunicacions habituals de marketing (com ara anuncis d'esdeveniments o fires).<\/li>\n\n\n\n<li><strong>An\u00e0lisi i elaboraci\u00f3 de perfils. <\/strong>Realitzar de manera automatitzada l'elaboraci\u00f3 de perfils amb l'objectiu de poder oferir productes, d'acord a les seves necessitats. Amb aquest efecte, LEGILAND l'informa que\n<ul class=\"wp-block-list\">\n<li>i) aquest an\u00e0lisi no produir\u00e0 efectes jur\u00eddics ni conseq\u00fc\u00e8ncies discriminat\u00f2ries que puguin surgir degut als critieris sensibles, com ra\u00e7a o origen \u00e8tnic, opinions pol\u00edtiques o creencies religioses, estat de salut o orientaci\u00f3 sexual, ja que aquesta informaci\u00f3 no s'inclou en aquest tractament;<\/li>\n\n\n\n<li>ii) t\u00e9 dret a obtenir la intervenci\u00f3 humana en els seus tractaments, a expressar el seu punt de vista, a obtenir una explicaci\u00f3 sobre la decisi\u00f3 presa basant-se en el tractament automatitzat i a impugnar aquest decisi\u00f3 mitjan\u00e7ant una comunicaci\u00f3 directa amb el nostre Delegat de Protecci\u00f3 de Dades (info@legiland.cat)<\/li>\n\n\n\n<li>iii) la l\u00f2gica aplicada es basa en realitzar de manera proactiva an\u00e0lisi de riscos i aplicar sobre les seves dades t\u00e8cniques estad\u00edstiques i de segmentaci\u00f3 de clients. L'an\u00e0lisi i l'elaboraci\u00f3 de perfils tenen les finalitats seg\u00fcents:\n<ul class=\"wp-block-list\">\n<li>a) estudiar productes o serveis que puguin ser ajustats al perfil concret de l'usuari, amb l'objectiu de realitzar ofertes comercials ajustades a les seves necessitats i prefer\u00e8ncies;<\/li>\n\n\n\n<li>b) realitzar el seguiment dels productes i serveis contractats;<\/li>\n\n\n\n<li>c) realitzar, per part de LEGILAND o tercers contractats per aquest, enquestes de satisfacci\u00f3 per canal telef\u00f2nic o per via electr\u00f2nica amb l'objectiu de valorar els serveis prestats;<\/li>\n\n\n\n<li>d) dissenyar nous productes o serveis, o millorar el disseny i usabilitat dels existents, aix\u00ed com definir o millorar les experi\u00e8ncies dels usuaris.<\/li>\n<\/ul>\n<\/li>\n<\/ul>\n<\/li>\n<\/ul>\n\n\n\n<p>L'usuari, en el cas que estigui disponible, autoritza que s'incorporin als perfils que s'elaboren en relaci\u00f3 a ell les dades que hagi facilitat personalment, com per exemple les dades de contacte (nom, cognoms, adre\u00e7a postal o correu electr\u00f2nic); dades d'identificaci\u00f3 (com ara el nom, cognoms, n\u00famero de tel\u00e8fon o correu electr\u00f2nic); l'historial del client (com la recepci\u00f3 d'ofertes), o dades d'apps, webs o xarxes socials (com les dades d'\u00fas de les consultes en l\u00ednia o les sol\u00b7licituds d'informaci\u00f3).<\/p>\n\n\n\n<p>No tractarem les seves dades personals amb cap altra finalitat que les que aqu\u00ed s'han descrit, exceptuant per obligaci\u00f3 legal o requeriment judicial.<\/p>\n\n\n\n<h4 class=\"wp-block-heading\" id=\"h-3-nbsp-plazo-de-conservacion\">3. Termini de conservaci\u00f3<\/h4>\n\n\n\n<p>Les dades incorporades es cancel\u00b7laran un cop transcurregut un mes des de la sol\u00b7licitud de cancel\u00b7laci\u00f3 per part de l'usuari.<\/p>\n\n\n\n<h4 class=\"wp-block-heading\" id=\"h-4-nbsp-legitimacion-del-tratamiento\">4. Legitimaci\u00f3 del tractament<\/h4>\n\n\n\n<p>La base legal per al tractament de les seves dades personals, en relaci\u00f3 amb les finalitats mencionades anteriorment, \u00e9s el consentiment prestat per part de l'usuari mitjan\u00e7ant l'aceptaci\u00f3 de les presents condicions generals, que seran d'aplicaci\u00f3 en funci\u00f3 dels consentiments otorgats expressament a LEGILAND relacionades amb els punts anteriors.<\/p>\n\n\n\n<h4 class=\"wp-block-heading\" id=\"h-5-nbsp-lugar-donde-se-guarda-la-informacion\">5. Lloc on es guardar\u00e0 la informaci\u00f3<\/h4>\n\n\n\n<p>La informaci\u00f3 proporcionada es guarda en el servidors de LEGILAND o en prove\u00efdors i empreses encarregades del tractament de dades que tinguin els servidors en el territori de la Uni\u00f3 Europea o estiguin amparats per la Privacy Shield.<\/p>\n\n\n\n<h4 class=\"wp-block-heading\" id=\"h-6-nbsp-cesion-y-transferencia\">6. Cesi\u00f3 i transfer\u00e8ncia<\/h4>\n\n\n\n<p>Qualsevol informaci\u00f3 de car\u00e0cter personal es mant\u00e9 confidencial i no es comparteix ni es ven a tercers.<\/p>\n\n\n\n<h4 class=\"wp-block-heading\" id=\"h-7-nbsp-derechos-de-las-personas-interesadas\">7. Drets de les persones interessades<\/h4>\n\n\n\n<p>Pot sol\u00b7licitar l'exercici dels seg\u00fcents drets davant de LEGILAND presentant un escrit a l'adre\u00e7a postal de la cap\u00e7alera o enviant un missatge de correu electr\u00f2nic a info@legiland.cat i adjuntant una fotoc\u00f2pia del DNI o qualsevol altre document an\u00e0leg en dret, com indica la llei.<\/p>\n\n\n\n<h4 class=\"wp-block-heading\" id=\"h-8-nbsp-derechos\">8. Drets<\/h4>\n\n\n\n<ul class=\"wp-block-list\">\n<li><strong>Dret d'acc\u00e9s: <\/strong>permet a l'interessat con\u00e8ixer i obtenir informaci\u00f3 sobre les seves dades de car\u00e0cter personal sotmeses a tractament.<\/li>\n\n\n\n<li><strong>Dret de rectificaci\u00f3 o supressi\u00f3: <\/strong>permet corregir errors i modificar les dades que resulten inexactes o incompletes.<\/li>\n\n\n\n<li><strong>Dret de cancel\u00b7laci\u00f3: <\/strong>permet suprimir les dades que resulten inadequades o excesives.<\/li>\n\n\n\n<li><strong>Dret d'oposici\u00f3: <\/strong>dret de l'interessat a que no es realitzi el tractament de les seves dades de car\u00e0cter personal o finalitzi el seu tractament.<\/li>\n\n\n\n<li><strong>Limitaci\u00f3 del tractament: <\/strong>comporta el marcatge de les dades personals conservades, amb la finalitat de limitar el seu tractament futur.<\/li>\n\n\n\n<li><strong>Portabilitat de les dades:<\/strong> es facilitar\u00e0 les dades objecte de tractament a l'interessat, per aqu\u00e8 pugui transmetre'ls a un altre responsable sense cap impediment.<\/li>\n\n\n\n<li><strong>Dret a no ser objecte de decisions individuals automatitzades<\/strong> respecte a les quals l'interessat no hagi expressat el seu consentiment (inclosa l'elaboraci\u00f3 dels perfils).<\/li>\n\n\n\n<li><strong>Dret a no ser objecte d'una deicisi\u00f3 basada en el tractament automatitzat<\/strong> que produeixi efectes o afecti significativament.<\/li>\n\n\n\n<li><strong>Dret a retirar el consentiment <\/strong>prestat en qualsevol moment.<\/li>\n<\/ul>\n\n\n\n<p>L'interessat tamb\u00e9 t\u00e9 el dret a presenta una reclamaci\u00f3 davant la autoritat de control ((http:\/\/apdcat.gencat.cat\/es\/inici\/index.html) si considera que poden haver vulnerat els seus drets respecte a la protecci\u00f3 de dades.<\/p>\n\n\n\n<h4 class=\"wp-block-heading\" id=\"h-9-nbsp-seguridad\">9. Seguretat<\/h4>\n\n\n\n<p>LEGILAND, en resposta a la confian\u00e7a dipositada en nosaltres i tenint en compte la import\u00e0ncia en mat\u00e8ria de protecci\u00f3 i confidencialitat que requereixen les dades personals de l'usuari, l'informa que ha adoptat totes les mesures t\u00e8cniques i organitzatives necess\u00e0ries per salvaguardar la seva seguretat, tal i com exigeix la normativa vigent que regula el reglament de mitjans de seguretat dels fixers que continguin dades de car\u00e0cter personal.<\/p>\n\n\n\n<h4 class=\"wp-block-heading\" id=\"h-10-cookies\">10. Galetes<\/h4>\n\n\n\n<p>Consulta la nostra pol\u00edtica de galetes per saber m\u00e9s.<\/p>\n\n\n\n<h4 class=\"wp-block-heading\" id=\"h-11-cambios-en-la-presente-politica-de-privacidad\">11. Canvis en la present pol\u00edtica de privacitat<\/h4>\n\n\n\n<p>LEGILAND es reserva el dret a modificar la present pol\u00edtica per adaptar-la a novetats legislatives o jurisprudencials.<\/p>\n\n\n\n<p><em>Aquesta pol\u00edtica de privacitat es va modificar per \u00faltima vegada a l'abril del 2025.<\/em>5.<\/p>","protected":false},"excerpt":{"rendered":"<div class=\"entry-summary\">\nPol\u00edtica de privacidad 1. Responsable del tratamiento LEGILAND, como responsable del sitio web, de conformidad con lo dispuesto en el Reglamento (UE) 2016\/679, de 27 de abril, relativo a la protecci\u00f3n de las personas f\u00edsicas en lo que respecta al&hellip;\n<\/div>\n<div class=\"link-more-container\"><a href=\"https:\/\/legiland.cat\/ca\/politica-de-privacidad\/\" class=\"link-more\" aria-label=\"Continue reading Pol\u00edtica de privacidad\u200b\">Continue reading&hellip;<\/a><\/div>","protected":false},"author":1,"featured_media":0,"parent":0,"menu_order":0,"comment_status":"closed","ping_status":"closed","template":"templates\/no-intro.php","meta":{"footnotes":""},"categories":[],"tags":[],"class_list":["post-10626","page","type-page","status-publish","hentry","entry","entry-type-page"],"yoast_head":"<!-- This site is optimized with the Yoast SEO Premium plugin v22.5 (Yoast SEO v27.2) - https:\/\/yoast.com\/product\/yoast-seo-premium-wordpress\/ -->\n<title>Pol\u00edtica de privacidad\u200b - Legiland<\/title>\n<meta name=\"robots\" content=\"index, follow, max-snippet:-1, max-image-preview:large, max-video-preview:-1\" \/>\n<link rel=\"canonical\" href=\"https:\/\/legiland.club\/politica-de-privacidad\/\" \/>\n<meta property=\"og:locale\" content=\"ca_ES\" \/>\n<meta property=\"og:type\" content=\"article\" \/>\n<meta property=\"og:title\" content=\"Pol\u00edtica de privacidad\u200b\" \/>\n<meta property=\"og:description\" content=\"Pol\u00edtica de privacidad 1. Responsable del tratamiento LEGILAND, como responsable del sitio web, de conformidad con lo dispuesto en el Reglamento (UE) 2016\/679, de 27 de abril, relativo a la protecci\u00f3n de las personas f\u00edsicas en lo que respecta al&hellip; Continue reading&hellip;\" \/>\n<meta property=\"og:url\" content=\"https:\/\/legiland.club\/politica-de-privacidad\/\" \/>\n<meta property=\"og:site_name\" content=\"Legiland\" \/>\n<meta property=\"article:modified_time\" content=\"2025-04-02T09:13:07+00:00\" \/>\n<meta name=\"twitter:card\" content=\"summary_large_image\" \/>\n<meta name=\"twitter:site\" content=\"@legiland\" \/>\n<script type=\"application\/ld+json\" class=\"yoast-schema-graph\">{\"@context\":\"https:\/\/schema.org\",\"@graph\":[{\"@type\":\"WebPage\",\"@id\":\"https:\/\/legiland.club\/politica-de-privacidad\/\",\"url\":\"https:\/\/legiland.club\/politica-de-privacidad\/\",\"name\":\"Pol\u00edtica de privacidad\u200b - Legiland\",\"isPartOf\":{\"@id\":\"https:\/\/legiland.cat\/#website\"},\"datePublished\":\"2024-01-29T13:58:28+00:00\",\"dateModified\":\"2025-04-02T09:13:07+00:00\",\"breadcrumb\":{\"@id\":\"https:\/\/legiland.club\/politica-de-privacidad\/#breadcrumb\"},\"inLanguage\":\"ca\",\"potentialAction\":[{\"@type\":\"ReadAction\",\"target\":[\"https:\/\/legiland.club\/politica-de-privacidad\/\"]}]},{\"@type\":\"BreadcrumbList\",\"@id\":\"https:\/\/legiland.club\/politica-de-privacidad\/#breadcrumb\",\"itemListElement\":[{\"@type\":\"ListItem\",\"position\":1,\"name\":\"Home\",\"item\":\"https:\/\/legiland.cat\/\"},{\"@type\":\"ListItem\",\"position\":2,\"name\":\"Pol\u00edtica de privacidad\u200b\"}]},{\"@type\":\"WebSite\",\"@id\":\"https:\/\/legiland.cat\/#website\",\"url\":\"https:\/\/legiland.cat\/\",\"name\":\"Legiland\",\"description\":\"Lectura escolar en papel y seguimiento real de la comprensi\u00f3n lectora\",\"publisher\":{\"@id\":\"https:\/\/legiland.cat\/#organization\"},\"alternateName\":\"Plataforma de lectura\",\"potentialAction\":[{\"@type\":\"SearchAction\",\"target\":{\"@type\":\"EntryPoint\",\"urlTemplate\":\"https:\/\/legiland.cat\/?s={search_term_string}\"},\"query-input\":{\"@type\":\"PropertyValueSpecification\",\"valueRequired\":true,\"valueName\":\"search_term_string\"}}],\"inLanguage\":\"ca\"},{\"@type\":\"Organization\",\"@id\":\"https:\/\/legiland.cat\/#organization\",\"name\":\"Legiland\",\"url\":\"https:\/\/legiland.cat\/\",\"logo\":{\"@type\":\"ImageObject\",\"inLanguage\":\"ca\",\"@id\":\"https:\/\/legiland.cat\/#\/schema\/logo\/image\/\",\"url\":\"https:\/\/i0.wp.com\/legiland.cat\/wp-content\/uploads\/2024\/01\/logo-legiland-amarillo-framed.png?fit=1806%2C706&ssl=1\",\"contentUrl\":\"https:\/\/i0.wp.com\/legiland.cat\/wp-content\/uploads\/2024\/01\/logo-legiland-amarillo-framed.png?fit=1806%2C706&ssl=1\",\"width\":1806,\"height\":706,\"caption\":\"Legiland\"},\"image\":{\"@id\":\"https:\/\/legiland.cat\/#\/schema\/logo\/image\/\"},\"sameAs\":[\"https:\/\/x.com\/legiland\"],\"legalName\":\"Yoleo Edutainment SL\",\"foundingDate\":\"2013-03-29\",\"vatID\":\"B66011040\"}]}<\/script>\n<!-- \/ Yoast SEO Premium plugin. -->","yoast_head_json":{"title":"Pol\u00edtica de privacitat - Legiland","robots":{"index":"index","follow":"follow","max-snippet":"max-snippet:-1","max-image-preview":"max-image-preview:large","max-video-preview":"max-video-preview:-1"},"canonical":"https:\/\/legiland.club\/politica-de-privacidad\/","og_locale":"ca_ES","og_type":"article","og_title":"Pol\u00edtica de privacidad\u200b","og_description":"Pol\u00edtica de privacidad 1. Responsable del tratamiento LEGILAND, como responsable del sitio web, de conformidad con lo dispuesto en el Reglamento (UE) 2016\/679, de 27 de abril, relativo a la protecci\u00f3n de las personas f\u00edsicas en lo que respecta al&hellip; Continue reading&hellip;","og_url":"https:\/\/legiland.club\/politica-de-privacidad\/","og_site_name":"Legiland","article_modified_time":"2025-04-02T09:13:07+00:00","twitter_card":"summary_large_image","twitter_site":"@legiland","schema":{"@context":"https:\/\/schema.org","@graph":[{"@type":"WebPage","@id":"https:\/\/legiland.club\/politica-de-privacidad\/","url":"https:\/\/legiland.club\/politica-de-privacidad\/","name":"Pol\u00edtica de privacitat - Legiland","isPartOf":{"@id":"https:\/\/legiland.cat\/#website"},"datePublished":"2024-01-29T13:58:28+00:00","dateModified":"2025-04-02T09:13:07+00:00","breadcrumb":{"@id":"https:\/\/legiland.club\/politica-de-privacidad\/#breadcrumb"},"inLanguage":"ca","potentialAction":[{"@type":"ReadAction","target":["https:\/\/legiland.club\/politica-de-privacidad\/"]}]},{"@type":"BreadcrumbList","@id":"https:\/\/legiland.club\/politica-de-privacidad\/#breadcrumb","itemListElement":[{"@type":"ListItem","position":1,"name":"Home","item":"https:\/\/legiland.cat\/"},{"@type":"ListItem","position":2,"name":"Pol\u00edtica de privacidad\u200b"}]},{"@type":"WebSite","@id":"https:\/\/legiland.cat\/#website","url":"https:\/\/legiland.cat\/","name":"Legiland","description":"Lectura escolar en papel y seguimiento real de la comprensi\u00f3n lectora","publisher":{"@id":"https:\/\/legiland.cat\/#organization"},"alternateName":"Plataforma de lectura","potentialAction":[{"@type":"SearchAction","target":{"@type":"EntryPoint","urlTemplate":"https:\/\/legiland.cat\/?s={search_term_string}"},"query-input":{"@type":"PropertyValueSpecification","valueRequired":true,"valueName":"search_term_string"}}],"inLanguage":"ca"},{"@type":"Organization","@id":"https:\/\/legiland.cat\/#organization","name":"Legiland","url":"https:\/\/legiland.cat\/","logo":{"@type":"ImageObject","inLanguage":"ca","@id":"https:\/\/legiland.cat\/#\/schema\/logo\/image\/","url":"https:\/\/i0.wp.com\/legiland.cat\/wp-content\/uploads\/2024\/01\/logo-legiland-amarillo-framed.png?fit=1806%2C706&ssl=1","contentUrl":"https:\/\/i0.wp.com\/legiland.cat\/wp-content\/uploads\/2024\/01\/logo-legiland-amarillo-framed.png?fit=1806%2C706&ssl=1","width":1806,"height":706,"caption":"Legiland"},"image":{"@id":"https:\/\/legiland.cat\/#\/schema\/logo\/image\/"},"sameAs":["https:\/\/x.com\/legiland"],"legalName":"Yoleo Edutainment SL","foundingDate":"2013-03-29","vatID":"B66011040"}]}},"jetpack_sharing_enabled":true,"_links":{"self":[{"href":"https:\/\/legiland.cat\/ca\/wp-json\/wp\/v2\/pages\/10626","targetHints":{"allow":["GET"]}}],"collection":[{"href":"https:\/\/legiland.cat\/ca\/wp-json\/wp\/v2\/pages"}],"about":[{"href":"https:\/\/legiland.cat\/ca\/wp-json\/wp\/v2\/types\/page"}],"author":[{"embeddable":true,"href":"https:\/\/legiland.cat\/ca\/wp-json\/wp\/v2\/users\/1"}],"replies":[{"embeddable":true,"href":"https:\/\/legiland.cat\/ca\/wp-json\/wp\/v2\/comments?post=10626"}],"version-history":[{"count":4,"href":"https:\/\/legiland.cat\/ca\/wp-json\/wp\/v2\/pages\/10626\/revisions"}],"predecessor-version":[{"id":12959,"href":"https:\/\/legiland.cat\/ca\/wp-json\/wp\/v2\/pages\/10626\/revisions\/12959"}],"wp:attachment":[{"href":"https:\/\/legiland.cat\/ca\/wp-json\/wp\/v2\/media?parent=10626"}],"wp:term":[{"taxonomy":"category","embeddable":true,"href":"https:\/\/legiland.cat\/ca\/wp-json\/wp\/v2\/categories?post=10626"},{"taxonomy":"post_tag","embeddable":true,"href":"https:\/\/legiland.cat\/ca\/wp-json\/wp\/v2\/tags?post=10626"}],"curies":[{"name":"wp","href":"https:\/\/api.w.org\/{rel}","templated":true}]}}